{"id":3619,"date":"2022-11-04T21:38:26","date_gmt":"2022-11-04T21:38:26","guid":{"rendered":"https:\/\/argentinatrails.com\/fra\/?page_id=3619"},"modified":"2023-09-01T15:11:12","modified_gmt":"2023-09-01T15:11:12","slug":"trekking-vers-les-nuages","status":"publish","type":"page","link":"https:\/\/argentinatrails.com\/fra\/trekking-vers-les-nuages\/","title":{"rendered":"Trekking ver les Nuages"},"content":{"rendered":"<p>[vc_row anchor=\u00a0\u00bbbrief-history\u00a0\u00bb][vc_column][vc_row_inner][vc_column_inner width=\u00a0\u00bb1\/2&Prime;]<div class=\"mkdf-section-title-holder  \" >\n\t<div class=\"mkdf-st-inner\">\n\t\t\t\t\t\t\t<h3 class=\"mkdf-st-title\" >\n                            TREKKING VERS LES NUAGES            \t\t\t<\/h3>\n\t\t\t\t\t\t\t<\/div>\n<\/div>[\/vc_column_inner][vc_column_inner width=\u00a0\u00bb1\/2&Prime;][vc_column_text]<\/p>\n<p style=\"text-align: right; font-size: larger; font-style: italic;\"><strong>Vivez cette formidable exp\u00e9rience dans le nord de l&rsquo;Argentine.<\/strong><\/p>\n<p>[\/vc_column_text][\/vc_column_inner][\/vc_row_inner][vc_zigzag][vc_column_text]<span style=\"font-weight: 400;\">En parcourant les montagnes le long des anciens chemins de l&#8217;empire inca, ce voyage vous fera d\u00e9couvrir des ruines ainsi que des vues et des paysages incroyables. Profitez d&rsquo;un moment privil\u00e9gi\u00e9 avec les habitants en partageant des d\u00eeners sp\u00e9ciaux et en vous r\u00e9chauffant pr\u00e8s des po\u00eales dans nos camps.<\/span><\/p>\n<p><span style=\"font-weight: 400;\">Le Trekking vers les Nuages propose trois versions avec des dur\u00e9es diff\u00e9rentes:<\/span>[\/vc_column_text][\/vc_column][\/vc_row][vc_row css=\u00a0\u00bb.vc_custom_1574855409312{padding-top: 72px !important;padding-bottom: 30px !important;}\u00a0\u00bb][vc_column width=\u00a0\u00bb1\/2&Prime;]<div class=\"mkdf-section-title-holder   mkdf-st-highlight\" >\n\t<div class=\"mkdf-st-inner\">\n\t\t\t\t\t\t\t<h3 class=\"mkdf-st-title\" >\n                            TREKKING VERS LES NUAGES : SILL\u00d3N DEL INCA - 2 JOURS \/ 1 NUIT            \t\t\t<\/h3>\n\t\t\t\t\t\t\t<p class=\"mkdf-st-text mkdf-text-highlight\" style=\"font-style: normal\">\n                            <span class=\"mkdf-st-bold\"><span class=\"mkdf-st-highlight-title-holder\" style=\"color: #ecebe1\">\n                                                        <span class=\"mkdf-st-highlight-title\" style=\"color: #59815b\">Vivez<\/span>\n                                                        <span class=\"mkdf-st-highlight\">\n                                                        <svg version=\"1.1\" xmlns=\"http:\/\/www.w3.org\/2000\/svg\" xmlns:xlink=\"http:\/\/www.w3.org\/1999\/xlink\" x=\"0px\" y=\"0px\" viewBox=\"0 0 15.7 30\" style=\"enable-background:new 0 0 15.7 30;\" xml:space=\"preserve\" class=\"mkdf-active-hover-left\"><polygon class=\"st0\" points=\"2.6,1 0.7,3.3 2,5.8 2.3,7.6 2.9,8.7 4.4,10.5 3.9,10.8 4.4,11.9 4.4,12.8 4.1,13.8 3.3,14.7 3.9,15.8 4.4,16.8 4,17.5 3.5,18.1 2.2,20.2 3.4,21.5 4.2,24.1 3.4,25.4 2.5,27.4 2.5,27.8 3.2,28.3 4.1,28.5 4.9,29 14.8,29 14.8,1 \"\/><\/svg>\n                                                        <span class=\"mkdf-active-hover-middle\"><\/span>\n                                                        <svg version=\"1.1\" xmlns=\"http:\/\/www.w3.org\/2000\/svg\" xmlns:xlink=\"http:\/\/www.w3.org\/1999\/xlink\" x=\"0px\" y=\"0px\" viewBox=\"0 0 13.3 30\" style=\"enable-background:new 0 0 13.3 30;\" xml:space=\"preserve\" class=\"mkdf-active-hover-right\"><polygon class=\"st0\" points=\"10,1 10.2,2.1 10.6,2.9 10.6,3.3 10.8,3.7 10.8,4.3 11,5 11,5.7 11,6.3 10.5,6.7 10.8,7.3 11,7.8 \t11.6,8.3 11.6,8.6 11.5,8.9 11.6,9.9 11.6,10.5 12.4,11.6 12.1,12 12.4,12.2 11.8,12.8 11.4,13.5 11.6,13.7 11.9,13.7 12,13.9 11.5,15.1 10.8,16 9.1,17.7 9.7,18.2 9.3,19 9.7,19.8 9.6,20.6 9.7,21.5 9.6,21.9 9.6,22.3 10.1,22.8 9.6,23.6 9.7,24 9.7,24.2 9.9,24.4 9.5,24.7 9.3,25.4 9.3,25.9 8.8,26.2 8.5,27.1 8.8,27.8 9.4,28.6 7.8,29 0.9,29 0.9,1 \"\/><\/svg>\n                                                        <\/span>\n                                                    <\/span><\/span> cette exp\u00e9rience fantastique dans le nord-ouest de l'Argentine.<br \/>\nId\u00e9al pour ceux qui recherchent deux jours d'activit\u00e9 et souhaitent exercer leur corps et leurs sens, cette version du trekking est con\u00e7ue pour ceux qui veulent vivre une exp\u00e9rience en montagne dans l'immensit\u00e9 de la Quebrada del Toro. Le sentier nous conduira dans une ascension mod\u00e9r\u00e9e jusqu'\u00e0 un point panoramique, puis aux ruines de Sill\u00f3n del Inca, o\u00f9 nous passerons la nuit. Nous reviendrons par la colline de Golgota, en passant par l'Abra del Caminante, et en descendant jusqu'au pittoresque village d'Ingeniero Maury.<br \/>\nTraversez les nuages et rejoignez cette aventure !<br \/>\n            \t\t\t<\/p>\n\t\t\t\t\t<\/div>\n<\/div>[vc_empty_space][vc_column_text]<\/p>\n<table class=\"styled-table\">\n<thead>\n<tr>\n<td style=\"text-align: center;\"><strong>Distance totale<\/strong><\/td>\n<td style=\"text-align: center;\"><strong>Difficult\u00e9<\/strong><\/td>\n<td style=\"text-align: center;\"><strong>Hauteur maximale<\/strong><\/td>\n<td style=\"text-align: center;\"><strong>Nombre minimum de passagers<\/strong><\/td>\n<\/tr>\n<\/thead>\n<tbody>\n<tr>\n<td>52,8 Km<\/td>\n<td>Moyenne<\/td>\n<td>2959 msnm<\/td>\n<td>3<\/td>\n<\/tr>\n<\/tbody>\n<\/table>\n<p>[\/vc_column_text][vc_empty_space][\/vc_column][vc_column width=\u00a0\u00bb1\/2&Prime;]<div class=\"mkdf-single-image-holder   \">\n    <div class=\"mkdf-si-inner\" >\n                                    <img loading=\"lazy\" decoding=\"async\" width=\"1200\" height=\"792\" src=\"https:\/\/argentinatrails.com\/fra\/wp-content\/uploads\/2023\/03\/Trekking-a-las-Nubes-e1678457571656.jpg\" class=\"attachment-full size-full\" alt=\"trekking\" srcset=\"https:\/\/argentinatrails.com\/fra\/wp-content\/uploads\/2023\/03\/Trekking-a-las-Nubes-e1678457571656.jpg 1200w, https:\/\/argentinatrails.com\/fra\/wp-content\/uploads\/2023\/03\/Trekking-a-las-Nubes-e1678457571656-300x198.jpg 300w, https:\/\/argentinatrails.com\/fra\/wp-content\/uploads\/2023\/03\/Trekking-a-las-Nubes-e1678457571656-1024x676.jpg 1024w, https:\/\/argentinatrails.com\/fra\/wp-content\/uploads\/2023\/03\/Trekking-a-las-Nubes-e1678457571656-768x507.jpg 768w, https:\/\/argentinatrails.com\/fra\/wp-content\/uploads\/2023\/03\/Trekking-a-las-Nubes-e1678457571656-600x396.jpg 600w\" sizes=\"auto, (max-width: 1200px) 100vw, 1200px\" \/>                        <\/div>\n<\/div>[vc_empty_space height=\u00a0\u00bb41px\u00a0\u00bb][\/vc_column][\/vc_row][vc_row css=\u00a0\u00bb.vc_custom_1574855409312{padding-top: 72px !important;padding-bottom: 30px !important;}\u00a0\u00bb][vc_column width=\u00a0\u00bb1\/2&Prime;]<div class=\"mkdf-single-image-holder   \">\n    <div class=\"mkdf-si-inner\" >\n                                    <img loading=\"lazy\" decoding=\"async\" width=\"4624\" height=\"3468\" src=\"https:\/\/argentinatrails.com\/fra\/wp-content\/uploads\/2023\/03\/Casa-Pascuala-Trek-Nubes.jpg\" class=\"attachment-full size-full\" alt=\"atardecer en trekking\" \/>                        <\/div>\n<\/div>[vc_empty_space height=\u00a0\u00bb41px\u00a0\u00bb][\/vc_column][vc_column width=\u00a0\u00bb1\/2&Prime;]<div class=\"mkdf-section-title-holder   mkdf-st-highlight\" >\n\t<div class=\"mkdf-st-inner\">\n\t\t\t\t\t\t\t<h3 class=\"mkdf-st-title\" >\n                            TREKKING VERS LES NUAGES : CONFLUENCE - 3 JOURS \/ 2 NUITS            \t\t\t<\/h3>\n\t\t\t\t\t\t\t<p class=\"mkdf-st-text mkdf-text-highlight\" style=\"font-style: normal\">\n                            <span class=\"mkdf-st-bold\"><span class=\"mkdf-st-highlight-title-holder\" style=\"color: #ecebe1\">\n                                                        <span class=\"mkdf-st-highlight-title\" style=\"color: #59815b\">Vivez<\/span>\n                                                        <span class=\"mkdf-st-highlight\">\n                                                        <svg version=\"1.1\" xmlns=\"http:\/\/www.w3.org\/2000\/svg\" xmlns:xlink=\"http:\/\/www.w3.org\/1999\/xlink\" x=\"0px\" y=\"0px\" viewBox=\"0 0 15.7 30\" style=\"enable-background:new 0 0 15.7 30;\" xml:space=\"preserve\" class=\"mkdf-active-hover-left\"><polygon class=\"st0\" points=\"2.6,1 0.7,3.3 2,5.8 2.3,7.6 2.9,8.7 4.4,10.5 3.9,10.8 4.4,11.9 4.4,12.8 4.1,13.8 3.3,14.7 3.9,15.8 4.4,16.8 4,17.5 3.5,18.1 2.2,20.2 3.4,21.5 4.2,24.1 3.4,25.4 2.5,27.4 2.5,27.8 3.2,28.3 4.1,28.5 4.9,29 14.8,29 14.8,1 \"\/><\/svg>\n                                                        <span class=\"mkdf-active-hover-middle\"><\/span>\n                                                        <svg version=\"1.1\" xmlns=\"http:\/\/www.w3.org\/2000\/svg\" xmlns:xlink=\"http:\/\/www.w3.org\/1999\/xlink\" x=\"0px\" y=\"0px\" viewBox=\"0 0 13.3 30\" style=\"enable-background:new 0 0 13.3 30;\" xml:space=\"preserve\" class=\"mkdf-active-hover-right\"><polygon class=\"st0\" points=\"10,1 10.2,2.1 10.6,2.9 10.6,3.3 10.8,3.7 10.8,4.3 11,5 11,5.7 11,6.3 10.5,6.7 10.8,7.3 11,7.8 \t11.6,8.3 11.6,8.6 11.5,8.9 11.6,9.9 11.6,10.5 12.4,11.6 12.1,12 12.4,12.2 11.8,12.8 11.4,13.5 11.6,13.7 11.9,13.7 12,13.9 11.5,15.1 10.8,16 9.1,17.7 9.7,18.2 9.3,19 9.7,19.8 9.6,20.6 9.7,21.5 9.6,21.9 9.6,22.3 10.1,22.8 9.6,23.6 9.7,24 9.7,24.2 9.9,24.4 9.5,24.7 9.3,25.4 9.3,25.9 8.8,26.2 8.5,27.1 8.8,27.8 9.4,28.6 7.8,29 0.9,29 0.9,1 \"\/><\/svg>\n                                                        <\/span>\n                                                    <\/span><\/span> cette exp\u00e9rience fantastique dans le nord-ouest de l'Argentine.<br \/>\nCon\u00e7u pour ceux qui recherchent une exp\u00e9rience plus active et en contact avec les habitants actuels des montagnes, cette version du Trekking vers les Nuages nous emm\u00e8nera \u00e0 travers les paysages de la Quebrada del Toro en passant par les ruines de Sill\u00f3n del Inca et en montant jusqu'\u00e0 l'Abra de la Cruz, le point le plus \u00e9lev\u00e9 de l'itin\u00e9raire. La deuxi\u00e8me nuit, une famille locale nous recevra, avec qui nous partagerons un d\u00eener plein d'exp\u00e9riences, avec une vue privil\u00e9gi\u00e9e sur les montagnes.<br \/>\nTraversez les nuages et rejoignez cette aventure !<br \/>\n            \t\t\t<\/p>\n\t\t\t\t\t<\/div>\n<\/div>[vc_empty_space][vc_column_text]<\/p>\n<table class=\"styled-table\">\n<thead>\n<tr>\n<td style=\"text-align: center;\"><strong>Distance totale<\/strong><\/td>\n<td style=\"text-align: center;\"><strong>Difficult\u00e9<\/strong><\/td>\n<td style=\"text-align: center;\"><strong>Hauteur maximale<\/strong><\/td>\n<td style=\"text-align: center;\"><strong>Nombre minimum de passagers<\/strong><\/td>\n<\/tr>\n<\/thead>\n<tbody>\n<tr>\n<td>37 Km<\/td>\n<td>Moyenne<\/td>\n<td>2959 msnm<\/td>\n<td>3<\/td>\n<\/tr>\n<\/tbody>\n<\/table>\n<p>[\/vc_column_text][\/vc_column][\/vc_row][vc_row css=\u00a0\u00bb.vc_custom_1574855409312{padding-top: 72px !important;padding-bottom: 30px !important;}\u00a0\u00bb][vc_column width=\u00a0\u00bb1\/2&Prime;]<div class=\"mkdf-section-title-holder   mkdf-st-highlight\" >\n\t<div class=\"mkdf-st-inner\">\n\t\t\t\t\t\t\t<h3 class=\"mkdf-st-title\" >\n                            TREKKING VERS LES NUAGES : SAN LORENZO ET SILL\u00d3N DEL INCA - 4 JOURS \/ 3 NUITS            \t\t\t<\/h3>\n\t\t\t\t\t\t\t<p class=\"mkdf-st-text mkdf-text-highlight\" style=\"font-style: normal\">\n                            <span class=\"mkdf-st-bold\"><span class=\"mkdf-st-highlight-title-holder\" style=\"color: #ecebe1\">\n                                                        <span class=\"mkdf-st-highlight-title\" style=\"color: #59815b\">Vivez<\/span>\n                                                        <span class=\"mkdf-st-highlight\">\n                                                        <svg version=\"1.1\" xmlns=\"http:\/\/www.w3.org\/2000\/svg\" xmlns:xlink=\"http:\/\/www.w3.org\/1999\/xlink\" x=\"0px\" y=\"0px\" viewBox=\"0 0 15.7 30\" style=\"enable-background:new 0 0 15.7 30;\" xml:space=\"preserve\" class=\"mkdf-active-hover-left\"><polygon class=\"st0\" points=\"2.6,1 0.7,3.3 2,5.8 2.3,7.6 2.9,8.7 4.4,10.5 3.9,10.8 4.4,11.9 4.4,12.8 4.1,13.8 3.3,14.7 3.9,15.8 4.4,16.8 4,17.5 3.5,18.1 2.2,20.2 3.4,21.5 4.2,24.1 3.4,25.4 2.5,27.4 2.5,27.8 3.2,28.3 4.1,28.5 4.9,29 14.8,29 14.8,1 \"\/><\/svg>\n                                                        <span class=\"mkdf-active-hover-middle\"><\/span>\n                                                        <svg version=\"1.1\" xmlns=\"http:\/\/www.w3.org\/2000\/svg\" xmlns:xlink=\"http:\/\/www.w3.org\/1999\/xlink\" x=\"0px\" y=\"0px\" viewBox=\"0 0 13.3 30\" style=\"enable-background:new 0 0 13.3 30;\" xml:space=\"preserve\" class=\"mkdf-active-hover-right\"><polygon class=\"st0\" points=\"10,1 10.2,2.1 10.6,2.9 10.6,3.3 10.8,3.7 10.8,4.3 11,5 11,5.7 11,6.3 10.5,6.7 10.8,7.3 11,7.8 \t11.6,8.3 11.6,8.6 11.5,8.9 11.6,9.9 11.6,10.5 12.4,11.6 12.1,12 12.4,12.2 11.8,12.8 11.4,13.5 11.6,13.7 11.9,13.7 12,13.9 11.5,15.1 10.8,16 9.1,17.7 9.7,18.2 9.3,19 9.7,19.8 9.6,20.6 9.7,21.5 9.6,21.9 9.6,22.3 10.1,22.8 9.6,23.6 9.7,24 9.7,24.2 9.9,24.4 9.5,24.7 9.3,25.4 9.3,25.9 8.8,26.2 8.5,27.1 8.8,27.8 9.4,28.6 7.8,29 0.9,29 0.9,1 \"\/><\/svg>\n                                                        <\/span>\n                                                    <\/span><\/span> cette exp\u00e9rience fantastique dans le nord-ouest de l'Argentine.<br \/>\nCe trek pr\u00e9sente un contraste m\u00e9morable entre l'immensit\u00e9 des montagnes, la solitude des habitants et la pr\u00e9sence soudaine de la ville de Salta \u00e0 port\u00e9e de main. Cette version du Trekking vers les Nuages nous conduira \u00e9galement \u00e0 travers les paysages de la Quebrada del Toro, pour descendre \u00e0 travers le ravin de San Lorenzo apr\u00e8s 4 jours de marche entre des montagnes et des vall\u00e9es pratiquement inhospitali\u00e8res, cr\u00e9ant une sensation incomparable.<br \/>\nTraversez les nuages et rejoignez cette aventure !            \t\t\t<\/p>\n\t\t\t\t\t<\/div>\n<\/div>[vc_empty_space][vc_column_text]<\/p>\n<table class=\"styled-table\">\n<thead>\n<tr>\n<td style=\"text-align: center;\"><strong>Distance totale<\/strong><\/td>\n<td style=\"text-align: center;\"><strong>Difficult\u00e9<\/strong><\/td>\n<td style=\"text-align: center;\"><strong>Hauteur maximale<\/strong><\/td>\n<td style=\"text-align: center;\"><strong>Nombre minimum de passagers<\/strong><\/td>\n<\/tr>\n<\/thead>\n<tbody>\n<tr>\n<td>52,8 Km<\/td>\n<td>Moyenne<\/td>\n<td>2959 msnm<\/td>\n<td>3<\/td>\n<\/tr>\n<\/tbody>\n<\/table>\n<p>[\/vc_column_text][vc_empty_space][\/vc_column][vc_column width=\u00a0\u00bb1\/2&Prime;]<div class=\"mkdf-single-image-holder   \">\n    <div class=\"mkdf-si-inner\" >\n                                    <img loading=\"lazy\" decoding=\"async\" width=\"2560\" height=\"1439\" src=\"https:\/\/argentinatrails.com\/fra\/wp-content\/uploads\/2023\/03\/Trekking-a-las-Nubes-1-scaled.jpg\" class=\"attachment-full size-full\" alt=\"trekking a las nubes\" srcset=\"https:\/\/argentinatrails.com\/fra\/wp-content\/uploads\/2023\/03\/Trekking-a-las-Nubes-1-scaled.jpg 2560w, https:\/\/argentinatrails.com\/fra\/wp-content\/uploads\/2023\/03\/Trekking-a-las-Nubes-1-300x169.jpg 300w, https:\/\/argentinatrails.com\/fra\/wp-content\/uploads\/2023\/03\/Trekking-a-las-Nubes-1-1024x576.jpg 1024w, https:\/\/argentinatrails.com\/fra\/wp-content\/uploads\/2023\/03\/Trekking-a-las-Nubes-1-768x432.jpg 768w, https:\/\/argentinatrails.com\/fra\/wp-content\/uploads\/2023\/03\/Trekking-a-las-Nubes-1-1536x863.jpg 1536w, https:\/\/argentinatrails.com\/fra\/wp-content\/uploads\/2023\/03\/Trekking-a-las-Nubes-1-87x50.jpg 87w, https:\/\/argentinatrails.com\/fra\/wp-content\/uploads\/2023\/03\/Trekking-a-las-Nubes-1-600x337.jpg 600w\" sizes=\"auto, (max-width: 2560px) 100vw, 2560px\" \/>                        <\/div>\n<\/div>[vc_empty_space height=\u00a0\u00bb41px\u00a0\u00bb][\/vc_column][\/vc_row][vc_row full_width=\u00a0\u00bbstretch_row\u00a0\u00bb css=\u00a0\u00bb.vc_custom_1678799903102{padding-top: 72px !important;padding-bottom: 30px !important;}\u00a0\u00bb][vc_column]<div class=\"mkdf-clients-carousel-holder mkdf-cc-hover-switch-images\">\n\t<div class=\"mkdf-cc-inner mkdf-owl-slider\" data-number-of-items=\"3\" data-enable-loop=\"yes\" data-enable-autoplay=\"yes\" data-slider-speed=\"5000\" data-slider-speed-animation=\"600\" data-enable-navigation=\"yes\" data-enable-pagination=\"no\">\n\t\t<div class=\"mkdf-cc-item mkdf-item-space mkdf-cci-no-link\">\n\t\t\t\t\t\t<img decoding=\"async\" itemprop=\"image\" class=\"mkdf-cc-image\" src=\"https:\/\/argentinatrails.com\/fra\/wp-content\/uploads\/2023\/03\/trekking-nubes-1.jpg\" alt=\"trekking a las nubes\" \/>\n\t\t\t\t\t\t\t<img decoding=\"async\" itemprop=\"image\" class=\"mkdf-cc-hover-image\" src=\"https:\/\/argentinatrails.com\/fra\/wp-content\/uploads\/2023\/03\/trekking-nubes-1.jpg\" alt=\"trekking a las nubes\" \/>\n\t\t\t<\/div><div class=\"mkdf-cc-item mkdf-item-space mkdf-cci-no-link\">\n\t\t\t\t\t\t<img decoding=\"async\" itemprop=\"image\" class=\"mkdf-cc-image\" src=\"https:\/\/argentinatrails.com\/fra\/wp-content\/uploads\/2023\/03\/trekking-nubes-2.jpg\" alt=\"trekking\" \/>\n\t\t\t\t\t\t\t<img decoding=\"async\" itemprop=\"image\" class=\"mkdf-cc-hover-image\" src=\"https:\/\/argentinatrails.com\/fra\/wp-content\/uploads\/2023\/03\/trekking-nubes-2.jpg\" alt=\"trekking\" \/>\n\t\t\t<\/div><div class=\"mkdf-cc-item mkdf-item-space mkdf-cci-no-link\">\n\t\t\t\t\t\t<img decoding=\"async\" itemprop=\"image\" class=\"mkdf-cc-image\" src=\"https:\/\/argentinatrails.com\/fra\/wp-content\/uploads\/2023\/03\/trekking-nubes-3.jpg\" alt=\"trekking a las nubes\" \/>\n\t\t\t\t\t\t\t<img decoding=\"async\" itemprop=\"image\" class=\"mkdf-cc-hover-image\" src=\"https:\/\/argentinatrails.com\/fra\/wp-content\/uploads\/2023\/03\/trekking-nubes-3.jpg\" alt=\"trekking a las nubes\" \/>\n\t\t\t<\/div>\t<\/div>\n<\/div>[\/vc_column][\/vc_row]<\/p>\n","protected":false},"excerpt":{"rendered":"<p>[vc_row anchor=\u00a0\u00bbbrief-history\u00a0\u00bb][vc_column][vc_row_inner][vc_column_inner width=\u00a0\u00bb1\/2&Prime;][\/vc_column_inner][vc_column_inner width=\u00a0\u00bb1\/2&Prime;][vc_column_text] Vivez cette formidable exp\u00e9rience dans le nord de l&rsquo;Argentine. [\/vc_column_text][\/vc_column_inner][\/vc_row_inner][vc_zigzag][vc_column_text]En parcourant les montagnes le long des anciens chemins de l&#8217;empire inca, ce voyage vous fera d\u00e9couvrir des ruines ainsi que des vues et des paysages incroyables. [&hellip;]<\/p>\n","protected":false},"author":2,"featured_media":0,"parent":0,"menu_order":0,"comment_status":"closed","ping_status":"closed","template":"","meta":{"footnotes":""},"class_list":["post-3619","page","type-page","status-publish","hentry"],"yoast_head":"<!-- This site is optimized with the Yoast SEO plugin v27.5 - https:\/\/yoast.com\/product\/yoast-seo-wordpress\/ -->\n<title>Trekking ver les Nuages - Argentina Trails<\/title>\n<meta name=\"robots\" content=\"index, follow, max-snippet:-1, max-image-preview:large, max-video-preview:-1\" \/>\n<link rel=\"canonical\" href=\"https:\/\/argentinatrails.com\/fra\/trekking-vers-les-nuages\/\" \/>\n<meta property=\"og:locale\" content=\"fr_FR\" \/>\n<meta property=\"og:type\" content=\"article\" \/>\n<meta property=\"og:title\" content=\"Trekking ver les Nuages - Argentina Trails\" \/>\n<meta property=\"og:description\" content=\"[vc_row anchor=\u00a0\u00bbbrief-history\u00a0\u00bb][vc_column][vc_row_inner][vc_column_inner width=\u00a0\u00bb1\/2&Prime;][\/vc_column_inner][vc_column_inner width=\u00a0\u00bb1\/2&Prime;][vc_column_text] Vivez cette formidable exp\u00e9rience dans le nord de l&rsquo;Argentine. [\/vc_column_text][\/vc_column_inner][\/vc_row_inner][vc_zigzag][vc_column_text]En parcourant les montagnes le long des anciens chemins de l&#8217;empire inca, ce voyage vous fera d\u00e9couvrir des ruines ainsi que des vues et des paysages incroyables. [&hellip;]\" \/>\n<meta property=\"og:url\" content=\"https:\/\/argentinatrails.com\/fra\/trekking-vers-les-nuages\/\" \/>\n<meta property=\"og:site_name\" content=\"Argentina Trails\" \/>\n<meta property=\"article:modified_time\" content=\"2023-09-01T15:11:12+00:00\" \/>\n<meta name=\"twitter:card\" content=\"summary_large_image\" \/>\n<meta name=\"twitter:label1\" content=\"Dur\u00e9e de lecture estim\u00e9e\" \/>\n\t<meta name=\"twitter:data1\" content=\"3 minutes\" \/>\n<script type=\"application\/ld+json\" class=\"yoast-schema-graph\">{\"@context\":\"https:\\\/\\\/schema.org\",\"@graph\":[{\"@type\":\"WebPage\",\"@id\":\"https:\\\/\\\/argentinatrails.com\\\/fra\\\/trekking-vers-les-nuages\\\/\",\"url\":\"https:\\\/\\\/argentinatrails.com\\\/fra\\\/trekking-vers-les-nuages\\\/\",\"name\":\"Trekking ver les Nuages - Argentina Trails\",\"isPartOf\":{\"@id\":\"https:\\\/\\\/argentinatrails.com\\\/fra\\\/#website\"},\"datePublished\":\"2022-11-04T21:38:26+00:00\",\"dateModified\":\"2023-09-01T15:11:12+00:00\",\"inLanguage\":\"fr-FR\",\"potentialAction\":[{\"@type\":\"ReadAction\",\"target\":[\"https:\\\/\\\/argentinatrails.com\\\/fra\\\/trekking-vers-les-nuages\\\/\"]}]},{\"@type\":\"WebSite\",\"@id\":\"https:\\\/\\\/argentinatrails.com\\\/fra\\\/#website\",\"url\":\"https:\\\/\\\/argentinatrails.com\\\/fra\\\/\",\"name\":\"Argentina Trails\",\"description\":\"Experience the Mountain Life\",\"potentialAction\":[{\"@type\":\"SearchAction\",\"target\":{\"@type\":\"EntryPoint\",\"urlTemplate\":\"https:\\\/\\\/argentinatrails.com\\\/fra\\\/?s={search_term_string}\"},\"query-input\":{\"@type\":\"PropertyValueSpecification\",\"valueRequired\":true,\"valueName\":\"search_term_string\"}}],\"inLanguage\":\"fr-FR\"}]}<\/script>\n<!-- \/ Yoast SEO plugin. -->","yoast_head_json":{"title":"Trekking ver les Nuages - Argentina Trails","robots":{"index":"index","follow":"follow","max-snippet":"max-snippet:-1","max-image-preview":"max-image-preview:large","max-video-preview":"max-video-preview:-1"},"canonical":"https:\/\/argentinatrails.com\/fra\/trekking-vers-les-nuages\/","og_locale":"fr_FR","og_type":"article","og_title":"Trekking ver les Nuages - Argentina Trails","og_description":"[vc_row anchor=\u00a0\u00bbbrief-history\u00a0\u00bb][vc_column][vc_row_inner][vc_column_inner width=\u00a0\u00bb1\/2&Prime;][\/vc_column_inner][vc_column_inner width=\u00a0\u00bb1\/2&Prime;][vc_column_text] Vivez cette formidable exp\u00e9rience dans le nord de l&rsquo;Argentine. [\/vc_column_text][\/vc_column_inner][\/vc_row_inner][vc_zigzag][vc_column_text]En parcourant les montagnes le long des anciens chemins de l&#8217;empire inca, ce voyage vous fera d\u00e9couvrir des ruines ainsi que des vues et des paysages incroyables. [&hellip;]","og_url":"https:\/\/argentinatrails.com\/fra\/trekking-vers-les-nuages\/","og_site_name":"Argentina Trails","article_modified_time":"2023-09-01T15:11:12+00:00","twitter_card":"summary_large_image","twitter_misc":{"Dur\u00e9e de lecture estim\u00e9e":"3 minutes"},"schema":{"@context":"https:\/\/schema.org","@graph":[{"@type":"WebPage","@id":"https:\/\/argentinatrails.com\/fra\/trekking-vers-les-nuages\/","url":"https:\/\/argentinatrails.com\/fra\/trekking-vers-les-nuages\/","name":"Trekking ver les Nuages - Argentina Trails","isPartOf":{"@id":"https:\/\/argentinatrails.com\/fra\/#website"},"datePublished":"2022-11-04T21:38:26+00:00","dateModified":"2023-09-01T15:11:12+00:00","inLanguage":"fr-FR","potentialAction":[{"@type":"ReadAction","target":["https:\/\/argentinatrails.com\/fra\/trekking-vers-les-nuages\/"]}]},{"@type":"WebSite","@id":"https:\/\/argentinatrails.com\/fra\/#website","url":"https:\/\/argentinatrails.com\/fra\/","name":"Argentina Trails","description":"Experience the Mountain Life","potentialAction":[{"@type":"SearchAction","target":{"@type":"EntryPoint","urlTemplate":"https:\/\/argentinatrails.com\/fra\/?s={search_term_string}"},"query-input":{"@type":"PropertyValueSpecification","valueRequired":true,"valueName":"search_term_string"}}],"inLanguage":"fr-FR"}]}},"_links":{"self":[{"href":"https:\/\/argentinatrails.com\/fra\/wp-json\/wp\/v2\/pages\/3619","targetHints":{"allow":["GET"]}}],"collection":[{"href":"https:\/\/argentinatrails.com\/fra\/wp-json\/wp\/v2\/pages"}],"about":[{"href":"https:\/\/argentinatrails.com\/fra\/wp-json\/wp\/v2\/types\/page"}],"author":[{"embeddable":true,"href":"https:\/\/argentinatrails.com\/fra\/wp-json\/wp\/v2\/users\/2"}],"replies":[{"embeddable":true,"href":"https:\/\/argentinatrails.com\/fra\/wp-json\/wp\/v2\/comments?post=3619"}],"version-history":[{"count":23,"href":"https:\/\/argentinatrails.com\/fra\/wp-json\/wp\/v2\/pages\/3619\/revisions"}],"predecessor-version":[{"id":4783,"href":"https:\/\/argentinatrails.com\/fra\/wp-json\/wp\/v2\/pages\/3619\/revisions\/4783"}],"wp:attachment":[{"href":"https:\/\/argentinatrails.com\/fra\/wp-json\/wp\/v2\/media?parent=3619"}],"curies":[{"name":"wp","href":"https:\/\/api.w.org\/{rel}","templated":true}]}}